{"id":16884,"date":"2023-09-18T10:11:53","date_gmt":"2023-09-18T14:11:53","guid":{"rendered":"https:\/\/www.aiacanada.com\/events\/aia-canada-annual-general-meeting\/"},"modified":"2026-02-18T10:02:16","modified_gmt":"2026-02-18T15:02:16","slug":"aia-canada-annual-general-meeting","status":"publish","type":"events","link":"https:\/\/www.aiacanada.com\/fr\/evenements\/aia-canada-annual-general-meeting\/","title":{"rendered":"Assembl\u00e9e g\u00e9n\u00e9rale annuelle de l\u2019AIA Canada\u00a0"},"content":{"rendered":"\n<p>D\u00e9l\u00e9gu\u00e9s votants membres de l\u2019AIA Canada, joignez-vous \u00e0 nous et participez \u00e0 fa\u00e7onner le futur leadership de l\u2019organisation. L\u2019Assembl\u00e9e g\u00e9n\u00e9rale annuelle (AGA) de l\u2019AIA Canada est une occasion pour les entreprises membres en r\u00e8gle de l\u2019association de permettre \u00e0 leur d\u00e9l\u00e9gu\u00e9 votant d\u2019y assister et de repr\u00e9senter les int\u00e9r\u00eats de leur organisation dans la prise de d\u00e9cision du Conseil d&#8217;administration de l&#8217;AIA Canada nouvellement nomm\u00e9.&nbsp;<\/p>\n\n\n\n<p>Veuillez noter que cette r\u00e9union se d\u00e9roulera uniquement en anglais et qu\u2019elle est exclusivement r\u00e9serv\u00e9e aux d\u00e9l\u00e9gu\u00e9s votants ou aux d\u00e9l\u00e9gu\u00e9s votants suppl\u00e9ants des entreprises membres en r\u00e8gle de l\u2019AIA Canada.&nbsp;<\/p>\n","protected":false},"excerpt":{"rendered":"<p>D\u00e9l\u00e9gu\u00e9s votants membres de l\u2019AIA Canada, joignez-vous \u00e0 nous et participez \u00e0 fa\u00e7onner le futur leadership de l\u2019organisation. L\u2019Assembl\u00e9e g\u00e9n\u00e9rale annuelle (AGA) de l\u2019AIA Canada est une occasion pour les entreprises membres en r\u00e8gle de l\u2019association de permettre \u00e0 leur d\u00e9l\u00e9gu\u00e9 votant d\u2019y assister et de repr\u00e9senter les int\u00e9r\u00eats de leur organisation dans la prise [&hellip;]<\/p>\n","protected":false},"author":32,"featured_media":16881,"parent":0,"comment_status":"closed","ping_status":"closed","template":"","events-category":[254,229],"class_list":["post-16884","events","type-events","status-publish","has-post-thumbnail","hentry","events-category-evenements-vedettes","events-category-homepage-events-fr"],"acf":[],"aioseo_notices":[],"wpml_current_locale":"fr_CA","wpml_translations":[],"_links":{"self":[{"href":"https:\/\/www.aiacanada.com\/fr\/wp-json\/wp\/v2\/events\/16884","targetHints":{"allow":["GET"]}}],"collection":[{"href":"https:\/\/www.aiacanada.com\/fr\/wp-json\/wp\/v2\/events"}],"about":[{"href":"https:\/\/www.aiacanada.com\/fr\/wp-json\/wp\/v2\/types\/events"}],"author":[{"embeddable":true,"href":"https:\/\/www.aiacanada.com\/fr\/wp-json\/wp\/v2\/users\/32"}],"replies":[{"embeddable":true,"href":"https:\/\/www.aiacanada.com\/fr\/wp-json\/wp\/v2\/comments?post=16884"}],"wp:featuredmedia":[{"embeddable":true,"href":"https:\/\/www.aiacanada.com\/fr\/wp-json\/wp\/v2\/media\/16881"}],"wp:attachment":[{"href":"https:\/\/www.aiacanada.com\/fr\/wp-json\/wp\/v2\/media?parent=16884"}],"wp:term":[{"taxonomy":"events-category","embeddable":true,"href":"https:\/\/www.aiacanada.com\/fr\/wp-json\/wp\/v2\/events-category?post=16884"}],"curies":[{"name":"wp","href":"https:\/\/api.w.org\/{rel}","templated":true}]}}