{"id":6496,"date":"2017-12-06T00:00:00","date_gmt":"2017-12-06T05:00:00","guid":{"rendered":"https:\/\/aiacanada.com\/product\/la-voiture-connectee-notion-des-consommateurs-sur-les-donnees-generees-par-les-vehicules\/"},"modified":"2023-01-18T15:46:32","modified_gmt":"2023-01-18T20:46:32","slug":"la-voiture-connectee-notion-des-consommateurs-sur-les-donnees-generees-par-les-vehicules","status":"publish","type":"product","link":"https:\/\/www.aiacanada.com\/fr\/produit\/la-voiture-connectee-notion-des-consommateurs-sur-les-donnees-generees-par-les-vehicules\/","title":{"rendered":"La voiture connect\u00e9e : Notion des consommateurs sur les donn\u00e9es g\u00e9n\u00e9r\u00e9es par les v\u00e9hicules"},"content":{"rendered":"<p>Les syst\u00e8mes t\u00e9l\u00e9matiques et la connectivit\u00e9 des v\u00e9hicules pourraient changer en profondeur l\u2019environnement d\u00e9j\u00e0 concurrentiel de l\u2019automobile au Canada. Des soci\u00e9t\u00e9s des secteurs des logiciels et des t\u00e9l\u00e9communications entrent d\u00e9j\u00e0 sur le march\u00e9 de l\u2019automobile, alors que les constructeurs automobiles cherchent \u00e0 obtenir le contr\u00f4le de secteurs critiques de l\u2019industrie. Que pensent les propri\u00e9taires de v\u00e9hicules? Quel est l\u2019avis des consommateurs \u00e0 propos de la propri\u00e9t\u00e9 des donn\u00e9es des v\u00e9hicules?<\/p>\n<p>La voiture connect\u00e9e : Notion des consommateurs sur les donn\u00e9es g\u00e9n\u00e9r\u00e9es par les v\u00e9hicules contribue les perspectives du consommateur aux discussions sur la connectivit\u00e9 des donn\u00e9es des v\u00e9hicules. Le rapport \u00e9tablit les niveaux de sensibilisation des consommateurs, tout en soulignant que la connectivit\u00e9 des v\u00e9hicules est un domaine naissant o\u00f9 des d\u00e9bats concernant la transparence, le choix du consommateur et la protection des donn\u00e9es doivent \u00eatre men\u00e9s.<\/p>\n","protected":false},"excerpt":{"rendered":"<p>Les syst\u00e8mes t\u00e9l\u00e9matiques et la connectivit\u00e9 des v\u00e9hicules pourraient changer en profondeur l\u2019environnement d\u00e9j\u00e0 concurrentiel de l\u2019automobile au Canada. Des soci\u00e9t\u00e9s des secteurs des logiciels et des t\u00e9l\u00e9communications entrent d\u00e9j\u00e0 sur le march\u00e9 de l\u2019automobile, alors que les constructeurs automobiles cherchent \u00e0 obtenir le contr\u00f4le de secteurs critiques de l\u2019industrie. Que pensent les propri\u00e9taires de [&hellip;]<\/p>\n","protected":false},"featured_media":6246,"template":"","meta":{"_acf_changed":false},"product_brand":[],"product_cat":[105],"product_tag":[],"class_list":{"0":"post-6496","1":"product","2":"type-product","3":"status-publish","4":"has-post-thumbnail","6":"product_cat-tendances-des-consommateurs","8":"first","9":"instock","10":"downloadable","11":"virtual","12":"sold-individually","13":"taxable","14":"purchasable","15":"product-type-simple"},"acf":[],"aioseo_notices":[],"wpml_current_locale":"fr_CA","wpml_translations":[],"_links":{"self":[{"href":"https:\/\/www.aiacanada.com\/fr\/wp-json\/wp\/v2\/product\/6496","targetHints":{"allow":["GET"]}}],"collection":[{"href":"https:\/\/www.aiacanada.com\/fr\/wp-json\/wp\/v2\/product"}],"about":[{"href":"https:\/\/www.aiacanada.com\/fr\/wp-json\/wp\/v2\/types\/product"}],"wp:featuredmedia":[{"embeddable":true,"href":"https:\/\/www.aiacanada.com\/fr\/wp-json\/wp\/v2\/media\/6246"}],"wp:attachment":[{"href":"https:\/\/www.aiacanada.com\/fr\/wp-json\/wp\/v2\/media?parent=6496"}],"wp:term":[{"taxonomy":"product_brand","embeddable":true,"href":"https:\/\/www.aiacanada.com\/fr\/wp-json\/wp\/v2\/product_brand?post=6496"},{"taxonomy":"product_cat","embeddable":true,"href":"https:\/\/www.aiacanada.com\/fr\/wp-json\/wp\/v2\/product_cat?post=6496"},{"taxonomy":"product_tag","embeddable":true,"href":"https:\/\/www.aiacanada.com\/fr\/wp-json\/wp\/v2\/product_tag?post=6496"}],"curies":[{"name":"wp","href":"https:\/\/api.w.org\/{rel}","templated":true}]}}